{"id":21770,"date":"2019-07-28T08:10:01","date_gmt":"2019-07-28T08:10:01","guid":{"rendered":"https:\/\/gudhjemmuseum.dk\/tidligerekunstudstillinger\/"},"modified":"2022-03-24T20:47:47","modified_gmt":"2022-03-24T20:47:47","slug":"vergangene-ausstellungen","status":"publish","type":"page","link":"https:\/\/gudhjemmuseum.dk\/de\/vergangene-ausstellungen\/","title":{"rendered":"Tidligere kunstudstillinger og arrangementer"},"content":{"rendered":"<p>[vc_row][vc_column width=&#8220;1\/1&#8243;]<div class=\"spacer\" style=\"height: 40px;\"><\/div><h1 class=\"headline font-inherit fontsize-xxl fontweight-inherit lh-inherit align-center transform-inherit \" style=\"margin: 0 0 20px 0;\">Vergangene Kunstausstellungen und Veranstaltungen<\/h1>[\/vc_column][\/vc_row][vc_row][vc_column width=&#8220;1\/12&#8243;][\/vc_column][vc_column width=&#8220;8\/12&#8243;]<div class=\"spacer\" style=\"height: 20px;\"><\/div>[vc_column_text]Im Laufe des Jahres finden im Museum etwa 5-6 verschiedene Sonderausstellungen und eine ganze Reihe von Zusammenk\u00fcnften und Vortr\u00e4gen statt.[\/vc_column_text]<div class=\"spacer\" style=\"height: 40px;\"><\/div>\n\t<div class=\"portfolio-element\">\n\n\t\n\t\t\t<div class=\"container\">\n\t\n\t\t\t\t<div id=\"1785007520\" class=\"portfolio-items portfolio-default portfolio-overlay-name clearfix\" data-id=\"1785007520\">  \n\t\t\t\t\t\n\t\t\t\t\t\t\n\t\t\t\t\t\t\n\t\t\t\t\t\n\t\t\t\t\t\t\t\t\t\t\t\t\t\t\n\t\t\t\t\t\t\t   \n\n\t\t\t\t\t\t\t<div class=\"term-tidligere-udstillinger-de portfolio-item eight columns\">\n\t\t\t\t\t\t\t\t<div class=\"portfolio-image\"><a href=\"https:\/\/gudhjemmuseum.dk\/de\/portfolio-item\/tekstur-ausstellung-6-september-bis-19-oktober-2025\/\" title=\"&#8222;Tekstur&#8220; &#8211; Ausstellung &#8211; 6. September bis 19. Oktober 2025\"><div class=\"portfolio-image-img\"><img decoding=\"async\" src=\"https:\/\/gudhjemmuseum.dk\/wp-content\/uploads\/2025\/03\/Foto-600x400.jpg\" alt=\"&#8222;Tekstur&#8220; &#8211; Ausstellung &#8211; 6. September bis 19. Oktober 2025\" \/><\/div><div class=\"portfolio-overlay overlay-name\"><span>&#8222;Tekstur&#8220; &#8211; Ausstellung &#8211; 6. September bis 19. Oktober 2025<\/span><i class=\"icon-minti-plus\"><\/i><\/div><\/a><\/div>\n\t\t\t\t\t\t\t\t<h4><a href=\"https:\/\/gudhjemmuseum.dk\/de\/portfolio-item\/tekstur-ausstellung-6-september-bis-19-oktober-2025\/\" title=\"&#8222;Tekstur&#8220; &#8211; Ausstellung &#8211; 6. September bis 19. Oktober 2025\">&#8222;Tekstur&#8220; &#8211; Ausstellung &#8211; 6. September bis 19. Oktober 2025<\/a><\/h4>\n\t\t\t\t\t\t\t\t<span class=\"portfolio-subtitle\"><\/span>\n\t\t\t\t\t\t\t<\/div>\n\n\t\t\t\t\t\t\t\t\t\t  \n\t\t\t\t\t\n\t\t\t\t\t\t\n\t\t\t\t\t\t\n\t\t\t\t\t\n\t\t\t\t\t\t\t\t\t\t\t\t\t\t\n\t\t\t\t\t\t\t   \n\n\t\t\t\t\t\t\t<div class=\"term-tidligere-udstillinger-de portfolio-item eight columns\">\n\t\t\t\t\t\t\t\t<div class=\"portfolio-image\"><a href=\"https:\/\/gudhjemmuseum.dk\/de\/portfolio-item\/holkahesten-sommerausstellung-26-juli-31-august-2025\/\" title=\"HOLKAHESTEN Sommerausstellung: 26. Juli \u2013 31. August 2025\"><div class=\"portfolio-image-img\"><img decoding=\"async\" src=\"https:\/\/gudhjemmuseum.dk\/wp-content\/uploads\/2025\/04\/DSC9278-silas-web-besk-600x400.jpg\" alt=\"HOLKAHESTEN Sommerausstellung: 26. Juli \u2013 31. August 2025\" \/><\/div><div class=\"portfolio-overlay overlay-name\"><span>HOLKAHESTEN Sommerausstellung: 26. Juli \u2013 31. August 2025<\/span><i class=\"icon-minti-plus\"><\/i><\/div><\/a><\/div>\n\t\t\t\t\t\t\t\t<h4><a href=\"https:\/\/gudhjemmuseum.dk\/de\/portfolio-item\/holkahesten-sommerausstellung-26-juli-31-august-2025\/\" title=\"HOLKAHESTEN Sommerausstellung: 26. Juli \u2013 31. August 2025\">HOLKAHESTEN Sommerausstellung: 26. Juli \u2013 31. August 2025<\/a><\/h4>\n\t\t\t\t\t\t\t\t<span class=\"portfolio-subtitle\"><\/span>\n\t\t\t\t\t\t\t<\/div>\n\n\t\t\t\t\t\t\t\t\t\t  \n\t\t\t\t\t\n\t\t\t\t\t\t\n\t\t\t\t\t\t\n\t\t\t\t\t\n\t\t\t\t\t\t\t\t\t\t\t\t\t\t\n\t\t\t\t\t\t\t   \n\n\t\t\t\t\t\t\t<div class=\"term-tidligere-udstillinger-de portfolio-item eight columns\">\n\t\t\t\t\t\t\t\t<div class=\"portfolio-image\"><a href=\"https:\/\/gudhjemmuseum.dk\/de\/portfolio-item\/alri-saa-haejlua-pibla-ja-saa-ausstellung-14-juni-19-oktober-2025\/\" title=\"\u201eAlri s\u00e5 h\u00e6jlua pibla j\u00e2 s\u00e5\u201c \u2013 Ausstellung 14. Juni \u2013 19. Oktober 2025\"><div class=\"portfolio-image-img\"><img decoding=\"async\" src=\"https:\/\/gudhjemmuseum.dk\/wp-content\/uploads\/2025\/05\/Sonja-Ferlov-i-sommeren-1935-paa-trappen-foran-Hjorth-soestrene-Lisbeth-Munch-Petersen-og-Gertrud-Vasegaard-Foto.-Estate-Ferlov-Mancoba-600x400.jpg\" alt=\"\u201eAlri s\u00e5 h\u00e6jlua pibla j\u00e2 s\u00e5\u201c \u2013 Ausstellung 14. Juni \u2013 19. Oktober 2025\" \/><\/div><div class=\"portfolio-overlay overlay-name\"><span>\u201eAlri s\u00e5 h\u00e6jlua pibla j\u00e2 s\u00e5\u201c \u2013 Ausstellung 14. Juni \u2013 19. Oktober 2025<\/span><i class=\"icon-minti-plus\"><\/i><\/div><\/a><\/div>\n\t\t\t\t\t\t\t\t<h4><a href=\"https:\/\/gudhjemmuseum.dk\/de\/portfolio-item\/alri-saa-haejlua-pibla-ja-saa-ausstellung-14-juni-19-oktober-2025\/\" title=\"\u201eAlri s\u00e5 h\u00e6jlua pibla j\u00e2 s\u00e5\u201c \u2013 Ausstellung 14. Juni \u2013 19. Oktober 2025\">\u201eAlri s\u00e5 h\u00e6jlua pibla j\u00e2 s\u00e5\u201c \u2013 Ausstellung 14. Juni \u2013 19. Oktober 2025<\/a><\/h4>\n\t\t\t\t\t\t\t\t<span class=\"portfolio-subtitle\"><\/span>\n\t\t\t\t\t\t\t<\/div>\n\n\t\t\t\t\t\t\t\t\t\t  \n\t\t\t\t\t\n\t\t\t\t\t\t\n\t\t\t\t\t\t\n\t\t\t\t\t\n\t\t\t\t\t\t\t\t\t\t\t\t\t\t\n\t\t\t\t\t\t\t   \n\n\t\t\t\t\t\t\t<div class=\"term-tidligere-udstillinger-de portfolio-item eight columns\">\n\t\t\t\t\t\t\t\t<div class=\"portfolio-image\"><a href=\"https:\/\/gudhjemmuseum.dk\/de\/portfolio-item\/verkaufsausstellung-frands-guldmann-christiansoe-14-juni-19-oktober-2025\/\" title=\"Verkaufsausstellung \u2013 Frands Guldmann \u2013 Christians\u00f8 \u2013 14. Juni \u2013 19. Oktober 2025\"><div class=\"portfolio-image-img\"><img decoding=\"async\" src=\"https:\/\/gudhjemmuseum.dk\/wp-content\/uploads\/2025\/05\/IMG_3145-1-600x400.jpg\" alt=\"Verkaufsausstellung \u2013 Frands Guldmann \u2013 Christians\u00f8 \u2013 14. Juni \u2013 19. Oktober 2025\" \/><\/div><div class=\"portfolio-overlay overlay-name\"><span>Verkaufsausstellung \u2013 Frands Guldmann \u2013 Christians\u00f8 \u2013 14. Juni \u2013 19. Oktober 2025<\/span><i class=\"icon-minti-plus\"><\/i><\/div><\/a><\/div>\n\t\t\t\t\t\t\t\t<h4><a href=\"https:\/\/gudhjemmuseum.dk\/de\/portfolio-item\/verkaufsausstellung-frands-guldmann-christiansoe-14-juni-19-oktober-2025\/\" title=\"Verkaufsausstellung \u2013 Frands Guldmann \u2013 Christians\u00f8 \u2013 14. Juni \u2013 19. Oktober 2025\">Verkaufsausstellung \u2013 Frands Guldmann \u2013 Christians\u00f8 \u2013 14. Juni \u2013 19. Oktober 2025<\/a><\/h4>\n\t\t\t\t\t\t\t\t<span class=\"portfolio-subtitle\"><\/span>\n\t\t\t\t\t\t\t<\/div>\n\n\t\t\t\t\t\t\t\t\t\t  \n\t\t\t\t\t\n\t\t\t\t\t\t\n\t\t\t\t\t\t\n\t\t\t\t\t\n\t\t\t\t\t\t\t\t\t\t\t\t\t\t\n\t\t\t\t\t\t\t   \n\n\t\t\t\t\t\t\t<div class=\"term-tidligere-udstillinger-de portfolio-item eight columns\">\n\t\t\t\t\t\t\t\t<div class=\"portfolio-image\"><a href=\"https:\/\/gudhjemmuseum.dk\/de\/portfolio-item\/150-jahr-gedenkausstellung-fuer-olga-lau-14-juni-20-juli-2025\/\" title=\"150-Jahr-Gedenkausstellung f\u00fcr Olga Lau \u2013 14. Juni \u2013 20. Juli 2025\"><div class=\"portfolio-image-img\"><img decoding=\"async\" src=\"https:\/\/gudhjemmuseum.dk\/wp-content\/uploads\/2025\/03\/Olga-maleri-600x400.jpg\" alt=\"150-Jahr-Gedenkausstellung f\u00fcr Olga Lau \u2013 14. Juni \u2013 20. Juli 2025\" \/><\/div><div class=\"portfolio-overlay overlay-name\"><span>150-Jahr-Gedenkausstellung f\u00fcr Olga Lau \u2013 14. Juni \u2013 20. Juli 2025<\/span><i class=\"icon-minti-plus\"><\/i><\/div><\/a><\/div>\n\t\t\t\t\t\t\t\t<h4><a href=\"https:\/\/gudhjemmuseum.dk\/de\/portfolio-item\/150-jahr-gedenkausstellung-fuer-olga-lau-14-juni-20-juli-2025\/\" title=\"150-Jahr-Gedenkausstellung f\u00fcr Olga Lau \u2013 14. Juni \u2013 20. Juli 2025\">150-Jahr-Gedenkausstellung f\u00fcr Olga Lau \u2013 14. Juni \u2013 20. Juli 2025<\/a><\/h4>\n\t\t\t\t\t\t\t\t<span class=\"portfolio-subtitle\"><\/span>\n\t\t\t\t\t\t\t<\/div>\n\n\t\t\t\t\t\t\t\t\t\t  \n\t\t\t\t\t\n\t\t\t\t\t\t\n\t\t\t\t\t\t\n\t\t\t\t\t\n\t\t\t\t\t\t\t\t\t\t\t\t\t\t\n\t\t\t\t\t\t\t   \n\n\t\t\t\t\t\t\t<div class=\"term-tidligere-udstillinger-de portfolio-item eight columns\">\n\t\t\t\t\t\t\t\t<div class=\"portfolio-image\"><a href=\"https:\/\/gudhjemmuseum.dk\/de\/portfolio-item\/die-christiansoe-maler-guldmann-und-lemvigh-10-mai-8-juni-2025\/\" title=\"Die Christians\u00f8-Maler Guldmann und Lemvigh, 10. Mai \u2013 8. Juni 2025\"><div class=\"portfolio-image-img\"><img decoding=\"async\" src=\"https:\/\/gudhjemmuseum.dk\/wp-content\/uploads\/2025\/03\/Guldmann-2-1-600x400.jpg\" alt=\"Die Christians\u00f8-Maler Guldmann und Lemvigh, 10. Mai \u2013 8. Juni 2025\" \/><\/div><div class=\"portfolio-overlay overlay-name\"><span>Die Christians\u00f8-Maler Guldmann und Lemvigh, 10. Mai \u2013 8. Juni 2025<\/span><i class=\"icon-minti-plus\"><\/i><\/div><\/a><\/div>\n\t\t\t\t\t\t\t\t<h4><a href=\"https:\/\/gudhjemmuseum.dk\/de\/portfolio-item\/die-christiansoe-maler-guldmann-und-lemvigh-10-mai-8-juni-2025\/\" title=\"Die Christians\u00f8-Maler Guldmann und Lemvigh, 10. Mai \u2013 8. Juni 2025\">Die Christians\u00f8-Maler Guldmann und Lemvigh, 10. Mai \u2013 8. Juni 2025<\/a><\/h4>\n\t\t\t\t\t\t\t\t<span class=\"portfolio-subtitle\"><\/span>\n\t\t\t\t\t\t\t<\/div>\n\n\t\t\t\t\t\t\t\t\t\t  \n\t\t\t\t\t\n\t\t\t\t\t\t\n\t\t\t\t\t\t\n\t\t\t\t\t\n\t\t\t\t\t\t\t\t\t\t\t\t\t\t\n\t\t\t\t\t\t\t   \n\n\t\t\t\t\t\t\t<div class=\"term-tidligere-udstillinger-de portfolio-item eight columns\">\n\t\t\t\t\t\t\t\t<div class=\"portfolio-image\"><a href=\"https:\/\/gudhjemmuseum.dk\/de\/portfolio-item\/naturpoesie-auf-fluegeln-fotoausstellung-michael-stoltze-5-april-8-juni-2025\/\" title=\"Naturpoesie auf Fl\u00fcgeln \u2013 Fotoausstellung, Michael Stoltze \u2013 5. April \u2013 8. Juni 2025\"><div class=\"portfolio-image-img\"><img decoding=\"async\" src=\"https:\/\/gudhjemmuseum.dk\/wp-content\/uploads\/2025\/02\/Gudhjem-Museum_naeldens-takvinge_foto-Michael-Stoltze-600x400.jpg\" alt=\"Naturpoesie auf Fl\u00fcgeln \u2013 Fotoausstellung, Michael Stoltze \u2013 5. April \u2013 8. Juni 2025\" \/><\/div><div class=\"portfolio-overlay overlay-name\"><span>Naturpoesie auf Fl\u00fcgeln \u2013 Fotoausstellung, Michael Stoltze \u2013 5. April \u2013 8. Juni 2025<\/span><i class=\"icon-minti-plus\"><\/i><\/div><\/a><\/div>\n\t\t\t\t\t\t\t\t<h4><a href=\"https:\/\/gudhjemmuseum.dk\/de\/portfolio-item\/naturpoesie-auf-fluegeln-fotoausstellung-michael-stoltze-5-april-8-juni-2025\/\" title=\"Naturpoesie auf Fl\u00fcgeln \u2013 Fotoausstellung, Michael Stoltze \u2013 5. April \u2013 8. Juni 2025\">Naturpoesie auf Fl\u00fcgeln \u2013 Fotoausstellung, Michael Stoltze \u2013 5. April \u2013 8. Juni 2025<\/a><\/h4>\n\t\t\t\t\t\t\t\t<span class=\"portfolio-subtitle\"><\/span>\n\t\t\t\t\t\t\t<\/div>\n\n\t\t\t\t\t\t\t\t\t\t  \n\t\t\t\t\t\n\t\t\t\t\t\t\n\t\t\t\t\t\t\n\t\t\t\t\t\n\t\t\t\t\t\t\t\t\t\t\t\t\t\t\n\t\t\t\t\t\t\t   \n\n\t\t\t\t\t\t\t<div class=\"term-tidligere-udstillinger-de portfolio-item eight columns\">\n\t\t\t\t\t\t\t\t<div class=\"portfolio-image\"><a href=\"https:\/\/gudhjemmuseum.dk\/de\/portfolio-item\/extraktion-der-landschaft-ausstellung-mit-rune-lambrecht-5-april-bis-4-mai-2025\/\" title=\"&#8222;Extraktion der Landschaft&#8220; \u2013 Ausstellung mit Rune Lambrecht \u2013 5. April bis 4. Mai 2025\"><div class=\"portfolio-image-img\"><img decoding=\"async\" src=\"https:\/\/gudhjemmuseum.dk\/wp-content\/uploads\/2025\/02\/web-Rune-Gudhjem-Zoom-222-600x400.jpg\" alt=\"&#8222;Extraktion der Landschaft&#8220; \u2013 Ausstellung mit Rune Lambrecht \u2013 5. April bis 4. Mai 2025\" \/><\/div><div class=\"portfolio-overlay overlay-name\"><span>&#8222;Extraktion der Landschaft&#8220; \u2013 Ausstellung mit Rune Lambrecht \u2013 5. April bis 4. Mai 2025<\/span><i class=\"icon-minti-plus\"><\/i><\/div><\/a><\/div>\n\t\t\t\t\t\t\t\t<h4><a href=\"https:\/\/gudhjemmuseum.dk\/de\/portfolio-item\/extraktion-der-landschaft-ausstellung-mit-rune-lambrecht-5-april-bis-4-mai-2025\/\" title=\"&#8222;Extraktion der Landschaft&#8220; \u2013 Ausstellung mit Rune Lambrecht \u2013 5. April bis 4. Mai 2025\">&#8222;Extraktion der Landschaft&#8220; \u2013 Ausstellung mit Rune Lambrecht \u2013 5. April bis 4. Mai 2025<\/a><\/h4>\n\t\t\t\t\t\t\t\t<span class=\"portfolio-subtitle\"><\/span>\n\t\t\t\t\t\t\t<\/div>\n\n\t\t\t\t\t\t\t\t\t\t  \n\t\t\t\t\t\n\t\t\t\t\t\t\n\t\t\t\t\t\t\n\t\t\t\t\t\n\t\t\t\t\t\t\t\t\t\t\t\t\t\t\n\t\t\t\t\t\t\t   \n\n\t\t\t\t\t\t\t<div class=\"term-tidligere-udstillinger-de portfolio-item eight columns\">\n\t\t\t\t\t\t\t\t<div class=\"portfolio-image\"><a href=\"https:\/\/gudhjemmuseum.dk\/de\/portfolio-item\/poul-hauch-fausboell-26-oktober-28-dezember-2024\/\" title=\"Poul Hauch-Fausb\u00f8ll, 26. Oktober \u2013 28. Dezember 2024\"><div class=\"portfolio-image-img\"><img decoding=\"async\" src=\"https:\/\/gudhjemmuseum.dk\/wp-content\/uploads\/2024\/09\/Reduc-Poul-Hauch-Fausboell.-Confession.-Les-fleurs-du-mal.-1979-600x400.jpg\" alt=\"Poul Hauch-Fausb\u00f8ll, 26. Oktober \u2013 28. Dezember 2024\" \/><\/div><div class=\"portfolio-overlay overlay-name\"><span>Poul Hauch-Fausb\u00f8ll, 26. Oktober \u2013 28. Dezember 2024<\/span><i class=\"icon-minti-plus\"><\/i><\/div><\/a><\/div>\n\t\t\t\t\t\t\t\t<h4><a href=\"https:\/\/gudhjemmuseum.dk\/de\/portfolio-item\/poul-hauch-fausboell-26-oktober-28-dezember-2024\/\" title=\"Poul Hauch-Fausb\u00f8ll, 26. Oktober \u2013 28. Dezember 2024\">Poul Hauch-Fausb\u00f8ll, 26. Oktober \u2013 28. Dezember 2024<\/a><\/h4>\n\t\t\t\t\t\t\t\t<span class=\"portfolio-subtitle\"><\/span>\n\t\t\t\t\t\t\t<\/div>\n\n\t\t\t\t\t\t\t\t\t\t  \n\t\t\t\t\t\n\t\t\t\t\t\t\n\t\t\t\t\t\t\n\t\t\t\t\t\n\t\t\t\t\t\t\t\t\t\t\t\t\t\t\n\t\t\t\t\t\t\t   \n\n\t\t\t\t\t\t\t<div class=\"term-tidligere-udstillinger-de portfolio-item eight columns\">\n\t\t\t\t\t\t\t\t<div class=\"portfolio-image\"><a href=\"https:\/\/gudhjemmuseum.dk\/de\/portfolio-item\/white-kunsthandwerk-von-weltrang-8-september-20-oktober-2024\/\" title=\"WHITE \u2013 Kunsthandwerk von Weltrang, 8. September \u2013 20. Oktober 2024\"><div class=\"portfolio-image-img\"><img decoding=\"async\" src=\"https:\/\/gudhjemmuseum.dk\/wp-content\/uploads\/2024\/05\/White-Gudhjem-Museum-600x400.jpg\" alt=\"WHITE \u2013 Kunsthandwerk von Weltrang, 8. September \u2013 20. Oktober 2024\" \/><\/div><div class=\"portfolio-overlay overlay-name\"><span>WHITE \u2013 Kunsthandwerk von Weltrang, 8. September \u2013 20. Oktober 2024<\/span><i class=\"icon-minti-plus\"><\/i><\/div><\/a><\/div>\n\t\t\t\t\t\t\t\t<h4><a href=\"https:\/\/gudhjemmuseum.dk\/de\/portfolio-item\/white-kunsthandwerk-von-weltrang-8-september-20-oktober-2024\/\" title=\"WHITE \u2013 Kunsthandwerk von Weltrang, 8. September \u2013 20. Oktober 2024\">WHITE \u2013 Kunsthandwerk von Weltrang, 8. September \u2013 20. Oktober 2024<\/a><\/h4>\n\t\t\t\t\t\t\t\t<span class=\"portfolio-subtitle\"><\/span>\n\t\t\t\t\t\t\t<\/div>\n\n\t\t\t\t\t\t\t\t\t\t  \n\t\t\t\t\t\n\t\t\t\t\t\t\n\t\t\t\t\t\t\n\t\t\t\t\t\n\t\t\t\t\t\t\t\t\t\t\t\t\t\t\n\t\t\t\t\t\t\t   \n\n\t\t\t\t\t\t\t<div class=\"term-tidligere-udstillinger-de portfolio-item eight columns\">\n\t\t\t\t\t\t\t\t<div class=\"portfolio-image\"><a href=\"https:\/\/gudhjemmuseum.dk\/de\/portfolio-item\/fuehrung-kunsthandwerk-12-september-2024-1500-uhr\/\" title=\"F\u00fchrung \u2013 Kunsthandwerk \u2013 12. September 2024, 15:00 Uhr\"><div class=\"portfolio-image-img\"><img decoding=\"async\" src=\"https:\/\/gudhjemmuseum.dk\/wp-content\/uploads\/2024\/06\/web-Timmi-1-White-2024-041AdobeRGB@Kasper_Agergaard.jpg\" alt=\"F\u00fchrung \u2013 Kunsthandwerk \u2013 12. September 2024, 15:00 Uhr\" \/><\/div><div class=\"portfolio-overlay overlay-name\"><span>F\u00fchrung \u2013 Kunsthandwerk \u2013 12. September 2024, 15:00 Uhr<\/span><i class=\"icon-minti-plus\"><\/i><\/div><\/a><\/div>\n\t\t\t\t\t\t\t\t<h4><a href=\"https:\/\/gudhjemmuseum.dk\/de\/portfolio-item\/fuehrung-kunsthandwerk-12-september-2024-1500-uhr\/\" title=\"F\u00fchrung \u2013 Kunsthandwerk \u2013 12. September 2024, 15:00 Uhr\">F\u00fchrung \u2013 Kunsthandwerk \u2013 12. September 2024, 15:00 Uhr<\/a><\/h4>\n\t\t\t\t\t\t\t\t<span class=\"portfolio-subtitle\"><\/span>\n\t\t\t\t\t\t\t<\/div>\n\n\t\t\t\t\t\t\t\t\t\t  \n\t\t\t\t\t\n\t\t\t\t\t\t\n\t\t\t\t\t\t\n\t\t\t\t\t\n\t\t\t\t\t\t\t\t\t\t\t\t\t\t\n\t\t\t\t\t\t\t   \n\n\t\t\t\t\t\t\t<div class=\"term-tidligere-udstillinger-de portfolio-item eight columns\">\n\t\t\t\t\t\t\t\t<div class=\"portfolio-image\"><a href=\"https:\/\/gudhjemmuseum.dk\/de\/portfolio-item\/sommerausstellung-holkahesten-27-juli-1-september-2024\/\" title=\"Sommerausstellung \u201eHOLKAHESTEN\u201c \u2013 27. Juli \u2013 1. September 2024\"><div class=\"portfolio-image-img\"><img decoding=\"async\" src=\"https:\/\/gudhjemmuseum.dk\/wp-content\/uploads\/2024\/05\/Plakat-Holkahesten-lavformat-600x400.jpg\" alt=\"Sommerausstellung \u201eHOLKAHESTEN\u201c \u2013 27. Juli \u2013 1. September 2024\" \/><\/div><div class=\"portfolio-overlay overlay-name\"><span>Sommerausstellung \u201eHOLKAHESTEN\u201c \u2013 27. Juli \u2013 1. September 2024<\/span><i class=\"icon-minti-plus\"><\/i><\/div><\/a><\/div>\n\t\t\t\t\t\t\t\t<h4><a href=\"https:\/\/gudhjemmuseum.dk\/de\/portfolio-item\/sommerausstellung-holkahesten-27-juli-1-september-2024\/\" title=\"Sommerausstellung \u201eHOLKAHESTEN\u201c \u2013 27. Juli \u2013 1. September 2024\">Sommerausstellung \u201eHOLKAHESTEN\u201c \u2013 27. Juli \u2013 1. September 2024<\/a><\/h4>\n\t\t\t\t\t\t\t\t<span class=\"portfolio-subtitle\"><\/span>\n\t\t\t\t\t\t\t<\/div>\n\n\t\t\t\t\t\t\t\t\t\t  \n\t\t\t\t\t\n\t\t\t\t\t\t\n\t\t\t\t\t\t\n\t\t\t\t\t\n\t\t\t\t\t\t\t\t\t\t\t\t\t\t\n\t\t\t\t\t\t\t   \n\n\t\t\t\t\t\t\t<div class=\"term-tidligere-udstillinger-de portfolio-item eight columns\">\n\t\t\t\t\t\t\t\t<div class=\"portfolio-image\"><a href=\"https:\/\/gudhjemmuseum.dk\/de\/portfolio-item\/land-ausstellung-1-juni-21-juli-2024\/\" title=\"&#8222;LAND&#8220; &#8211; Ausstellung 1. Juni &#8211; 21. Juli 2024\"><div class=\"portfolio-image-img\"><img decoding=\"async\" src=\"https:\/\/gudhjemmuseum.dk\/wp-content\/uploads\/2024\/04\/LAND-16.13-Solnedgang-Oelene-600x400.jpg\" alt=\"&#8222;LAND&#8220; &#8211; Ausstellung 1. Juni &#8211; 21. Juli 2024\" \/><\/div><div class=\"portfolio-overlay overlay-name\"><span>&#8222;LAND&#8220; &#8211; Ausstellung 1. Juni &#8211; 21. Juli 2024<\/span><i class=\"icon-minti-plus\"><\/i><\/div><\/a><\/div>\n\t\t\t\t\t\t\t\t<h4><a href=\"https:\/\/gudhjemmuseum.dk\/de\/portfolio-item\/land-ausstellung-1-juni-21-juli-2024\/\" title=\"&#8222;LAND&#8220; &#8211; Ausstellung 1. Juni &#8211; 21. Juli 2024\">&#8222;LAND&#8220; &#8211; Ausstellung 1. Juni &#8211; 21. Juli 2024<\/a><\/h4>\n\t\t\t\t\t\t\t\t<span class=\"portfolio-subtitle\"><\/span>\n\t\t\t\t\t\t\t<\/div>\n\n\t\t\t\t\t\t\t\t\t\t  \n\t\t\t\t\t\n\t\t\t\t\t\t\n\t\t\t\t\t\t\n\t\t\t\t\t\n\t\t\t\t\t\t\t\t\t\t\t\t\t\t\n\t\t\t\t\t\t\t   \n\n\t\t\t\t\t\t\t<div class=\"term-tidligere-udstillinger-de portfolio-item eight columns\">\n\t\t\t\t\t\t\t\t<div class=\"portfolio-image\"><a href=\"https:\/\/gudhjemmuseum.dk\/de\/portfolio-item\/earthbound-4-ausstellung-27-4-26-5-2024\/\" title=\"&#8222;EARTHBOUND 4&#8220; \u2013 Ausstellung 27\/4 \u2013 26\/5 2024\"><div class=\"portfolio-image-img\"><img decoding=\"async\" src=\"https:\/\/gudhjemmuseum.dk\/wp-content\/uploads\/2024\/03\/Barbara-forside-600x400.jpg\" alt=\"&#8222;EARTHBOUND 4&#8220; \u2013 Ausstellung 27\/4 \u2013 26\/5 2024\" \/><\/div><div class=\"portfolio-overlay overlay-name\"><span>&#8222;EARTHBOUND 4&#8220; \u2013 Ausstellung 27\/4 \u2013 26\/5 2024<\/span><i class=\"icon-minti-plus\"><\/i><\/div><\/a><\/div>\n\t\t\t\t\t\t\t\t<h4><a href=\"https:\/\/gudhjemmuseum.dk\/de\/portfolio-item\/earthbound-4-ausstellung-27-4-26-5-2024\/\" title=\"&#8222;EARTHBOUND 4&#8220; \u2013 Ausstellung 27\/4 \u2013 26\/5 2024\">&#8222;EARTHBOUND 4&#8220; \u2013 Ausstellung 27\/4 \u2013 26\/5 2024<\/a><\/h4>\n\t\t\t\t\t\t\t\t<span class=\"portfolio-subtitle\"><\/span>\n\t\t\t\t\t\t\t<\/div>\n\n\t\t\t\t\t\t\t\t\t\t  \n\t\t\t\t\t\n\t\t\t\t\t\t\n\t\t\t\t\t\t\n\t\t\t\t\t\n\t\t\t\t\t\t\t\t\t\t\t\t\t\t\n\t\t\t\t\t\t\t   \n\n\t\t\t\t\t\t\t<div class=\"term-tidligere-udstillinger-de portfolio-item eight columns\">\n\t\t\t\t\t\t\t\t<div class=\"portfolio-image\"><a href=\"https:\/\/gudhjemmuseum.dk\/de\/portfolio-item\/gestiegen-aus-dem-meer-ausstellung-23-3-20-10-2024\/\" title=\"GESTIEGEN AUS DEM MEER &#8211; Ausstellung: 23.3. &#8211; 20.10.2024&#8243;\"><div class=\"portfolio-image-img\"><img decoding=\"async\" src=\"https:\/\/gudhjemmuseum.dk\/wp-content\/uploads\/2024\/01\/20240111_103401-1-e1712066205766-600x400.jpg\" alt=\"GESTIEGEN AUS DEM MEER &#8211; Ausstellung: 23.3. &#8211; 20.10.2024&#8243;\" \/><\/div><div class=\"portfolio-overlay overlay-name\"><span>GESTIEGEN AUS DEM MEER &#8211; Ausstellung: 23.3. &#8211; 20.10.2024&#8243;<\/span><i class=\"icon-minti-plus\"><\/i><\/div><\/a><\/div>\n\t\t\t\t\t\t\t\t<h4><a href=\"https:\/\/gudhjemmuseum.dk\/de\/portfolio-item\/gestiegen-aus-dem-meer-ausstellung-23-3-20-10-2024\/\" title=\"GESTIEGEN AUS DEM MEER &#8211; Ausstellung: 23.3. &#8211; 20.10.2024&#8243;\">GESTIEGEN AUS DEM MEER &#8211; Ausstellung: 23.3. &#8211; 20.10.2024&#8243;<\/a><\/h4>\n\t\t\t\t\t\t\t\t<span class=\"portfolio-subtitle\"><\/span>\n\t\t\t\t\t\t\t<\/div>\n\n\t\t\t\t\t\t\t\t\t\t  \n\t\t\t\t\t\n\t\t\t\t\t\t\n\t\t\t\t\t\t\n\t\t\t\t\t\n\t\t\t\t\t\t\t\t\t\t\t\t\t\t\n\t\t\t\t\t\t\t   \n\n\t\t\t\t\t\t\t<div class=\"term-tidligere-udstillinger-de portfolio-item eight columns\">\n\t\t\t\t\t\t\t\t<div class=\"portfolio-image\"><a href=\"https:\/\/gudhjemmuseum.dk\/de\/portfolio-item\/die-verborgenen-geheimnisse-der-natur-ausstellung-vom-23-maerz-bis-21-april-2024\/\" title=\"DIE VERBORGENEN GEHEIMNISSE DER NATUR\u201c &#8211; Ausstellung vom 23. M\u00e4rz bis 21. April 2024\"><div class=\"portfolio-image-img\"><img decoding=\"async\" src=\"https:\/\/gudhjemmuseum.dk\/wp-content\/uploads\/2024\/01\/1-600x400.jpg\" alt=\"DIE VERBORGENEN GEHEIMNISSE DER NATUR\u201c &#8211; Ausstellung vom 23. M\u00e4rz bis 21. April 2024\" \/><\/div><div class=\"portfolio-overlay overlay-name\"><span>DIE VERBORGENEN GEHEIMNISSE DER NATUR\u201c &#8211; Ausstellung vom 23. M\u00e4rz bis 21. April 2024<\/span><i class=\"icon-minti-plus\"><\/i><\/div><\/a><\/div>\n\t\t\t\t\t\t\t\t<h4><a href=\"https:\/\/gudhjemmuseum.dk\/de\/portfolio-item\/die-verborgenen-geheimnisse-der-natur-ausstellung-vom-23-maerz-bis-21-april-2024\/\" title=\"DIE VERBORGENEN GEHEIMNISSE DER NATUR\u201c &#8211; Ausstellung vom 23. M\u00e4rz bis 21. April 2024\">DIE VERBORGENEN GEHEIMNISSE DER NATUR\u201c &#8211; Ausstellung vom 23. M\u00e4rz bis 21. April 2024<\/a><\/h4>\n\t\t\t\t\t\t\t\t<span class=\"portfolio-subtitle\"><\/span>\n\t\t\t\t\t\t\t<\/div>\n\n\t\t\t\t\t\t\t\t\t\t  \n\t\t\t\t\t\n\t\t\t\t\t\t\n\t\t\t\t\t\t\n\t\t\t\t\t\n\t\t\t\t\t\t\t\t\t\t\t\t\t\t\n\t\t\t\t\t\t\t   \n\n\t\t\t\t\t\t\t<div class=\"term-tidligere-udstillinger-de portfolio-item eight columns\">\n\t\t\t\t\t\t\t\t<div class=\"portfolio-image\"><a href=\"https:\/\/gudhjemmuseum.dk\/de\/portfolio-item\/2-september-22-oktober-skuret-die-huette-keramikausstellung\/\" title=\"2. September &#8211; 22. Oktober \u201dSKURET\u201d (DIE H\u00dcTTE) \u2013 Keramikausstellung\"><div class=\"portfolio-image-img\"><img decoding=\"async\" src=\"https:\/\/gudhjemmuseum.dk\/wp-content\/uploads\/2023\/07\/SKURET3-web-3.jpg\" alt=\"2. September &#8211; 22. Oktober \u201dSKURET\u201d (DIE H\u00dcTTE) \u2013 Keramikausstellung\" \/><\/div><div class=\"portfolio-overlay overlay-name\"><span>2. September &#8211; 22. Oktober \u201dSKURET\u201d (DIE H\u00dcTTE) \u2013 Keramikausstellung<\/span><i class=\"icon-minti-plus\"><\/i><\/div><\/a><\/div>\n\t\t\t\t\t\t\t\t<h4><a href=\"https:\/\/gudhjemmuseum.dk\/de\/portfolio-item\/2-september-22-oktober-skuret-die-huette-keramikausstellung\/\" title=\"2. September &#8211; 22. Oktober \u201dSKURET\u201d (DIE H\u00dcTTE) \u2013 Keramikausstellung\">2. September &#8211; 22. Oktober \u201dSKURET\u201d (DIE H\u00dcTTE) \u2013 Keramikausstellung<\/a><\/h4>\n\t\t\t\t\t\t\t\t<span class=\"portfolio-subtitle\"><\/span>\n\t\t\t\t\t\t\t<\/div>\n\n\t\t\t\t\t\t\t\t\t\t  \n\t\t\t\t\t\n\t\t\t\t\t\t\n\t\t\t\t\t\t\n\t\t\t\t\t\n\t\t\t\t\t\t\t\t\t\t\t\t\t\t\n\t\t\t\t\t\t\t   \n\n\t\t\t\t\t\t\t<div class=\"term-tidligere-udstillinger-de portfolio-item eight columns\">\n\t\t\t\t\t\t\t\t<div class=\"portfolio-image\"><a href=\"https:\/\/gudhjemmuseum.dk\/de\/portfolio-item\/find-motivet-finde-das-motiv\/\" title=\"\u201dFind motivet\u201d\/&#8220;Finde das Motiv&#8220;\"><div class=\"portfolio-image-img\"><img decoding=\"async\" src=\"https:\/\/gudhjemmuseum.dk\/wp-content\/uploads\/2023\/06\/FM-web-1-600x400.jpg\" alt=\"\u201dFind motivet\u201d\/&#8220;Finde das Motiv&#8220;\" \/><\/div><div class=\"portfolio-overlay overlay-name\"><span>\u201dFind motivet\u201d\/&#8220;Finde das Motiv&#8220;<\/span><i class=\"icon-minti-plus\"><\/i><\/div><\/a><\/div>\n\t\t\t\t\t\t\t\t<h4><a href=\"https:\/\/gudhjemmuseum.dk\/de\/portfolio-item\/find-motivet-finde-das-motiv\/\" title=\"\u201dFind motivet\u201d\/&#8220;Finde das Motiv&#8220;\">\u201dFind motivet\u201d\/&#8220;Finde das Motiv&#8220;<\/a><\/h4>\n\t\t\t\t\t\t\t\t<span class=\"portfolio-subtitle\"><\/span>\n\t\t\t\t\t\t\t<\/div>\n\n\t\t\t\t\t\t\t\t\t\t  \n\t\t\t\t\t\n\t\t\t\t\t\t\n\t\t\t\t\t\t\n\t\t\t\t\t\n\t\t\t\t\t\t\t\t\t\t\t\t\t\t\n\t\t\t\t\t\t\t   \n\n\t\t\t\t\t\t\t<div class=\"term-tidligere-udstillinger-de portfolio-item eight columns\">\n\t\t\t\t\t\t\t\t<div class=\"portfolio-image\"><a href=\"https:\/\/gudhjemmuseum.dk\/de\/portfolio-item\/sommerausstellung-holkahesten-29-juli-27-august\/\" title=\"Sommerausstellung &#8222;HOLKAHESTEN&#8220; &#8211; 29. Juli &#8211; 27. August\"><div class=\"portfolio-image-img\"><img decoding=\"async\" src=\"https:\/\/gudhjemmuseum.dk\/wp-content\/uploads\/2023\/06\/per02-web-600x400.jpg\" alt=\"Sommerausstellung &#8222;HOLKAHESTEN&#8220; &#8211; 29. Juli &#8211; 27. August\" \/><\/div><div class=\"portfolio-overlay overlay-name\"><span>Sommerausstellung &#8222;HOLKAHESTEN&#8220; &#8211; 29. Juli &#8211; 27. August<\/span><i class=\"icon-minti-plus\"><\/i><\/div><\/a><\/div>\n\t\t\t\t\t\t\t\t<h4><a href=\"https:\/\/gudhjemmuseum.dk\/de\/portfolio-item\/sommerausstellung-holkahesten-29-juli-27-august\/\" title=\"Sommerausstellung &#8222;HOLKAHESTEN&#8220; &#8211; 29. Juli &#8211; 27. August\">Sommerausstellung &#8222;HOLKAHESTEN&#8220; &#8211; 29. Juli &#8211; 27. August<\/a><\/h4>\n\t\t\t\t\t\t\t\t<span class=\"portfolio-subtitle\"><\/span>\n\t\t\t\t\t\t\t<\/div>\n\n\t\t\t\t\t\t\t\t\t\t  \n\t\t\t\t\t\n\t\t\t\t\t\t\n\t\t\t\t\t\t\n\t\t\t\t\t\n\t\t\t\t\t\t\t\t\t\t\t\t\t\t\n\t\t\t\t\t\t\t   \n\n\t\t\t\t\t\t\t<div class=\"term-tidligere-udstillinger-de portfolio-item eight columns\">\n\t\t\t\t\t\t\t\t<div class=\"portfolio-image\"><a href=\"https:\/\/gudhjemmuseum.dk\/de\/portfolio-item\/lemvighs-christiansoe\/\" title=\"29. Oktober \u2013 30. Dezember 2022: Lemvigh\u2019s Christians\u00f8\"><div class=\"portfolio-image-img\"><img decoding=\"async\" src=\"https:\/\/gudhjemmuseum.dk\/wp-content\/uploads\/2022\/10\/Plakatfoto-Lemvigh-600x400.jpg\" alt=\"29. Oktober \u2013 30. Dezember 2022: Lemvigh\u2019s Christians\u00f8\" \/><\/div><div class=\"portfolio-overlay overlay-name\"><span>29. Oktober \u2013 30. Dezember 2022: Lemvigh\u2019s Christians\u00f8<\/span><i class=\"icon-minti-plus\"><\/i><\/div><\/a><\/div>\n\t\t\t\t\t\t\t\t<h4><a href=\"https:\/\/gudhjemmuseum.dk\/de\/portfolio-item\/lemvighs-christiansoe\/\" title=\"29. Oktober \u2013 30. Dezember 2022: Lemvigh\u2019s Christians\u00f8\">29. Oktober \u2013 30. Dezember 2022: Lemvigh\u2019s Christians\u00f8<\/a><\/h4>\n\t\t\t\t\t\t\t\t<span class=\"portfolio-subtitle\"><\/span>\n\t\t\t\t\t\t\t<\/div>\n\n\t\t\t\t\t\t\t\t\t\t  \n\t\t\t\t\t\n\t\t\t\t\t\t\n\t\t\t\t\t\t\n\t\t\t\t\t\n\t\t\t\t\t\t\t\t\t\t\t\t\t\t\n\t\t\t\t\t\t\t   \n\n\t\t\t\t\t\t\t<div class=\"term-tidligere-udstillinger-de portfolio-item eight columns\">\n\t\t\t\t\t\t\t\t<div class=\"portfolio-image\"><a href=\"https:\/\/gudhjemmuseum.dk\/de\/portfolio-item\/ausstellung-lange-aussichten\/\" title=\"10. September &#8211; 22. Oktober &#8222;Lange Aussichten&#8220;\"><div class=\"portfolio-image-img\"><img decoding=\"async\" src=\"https:\/\/gudhjemmuseum.dk\/wp-content\/uploads\/2022\/07\/Johnny-closeup3-600x400.jpg\" alt=\"10. September &#8211; 22. Oktober &#8222;Lange Aussichten&#8220;\" \/><\/div><div class=\"portfolio-overlay overlay-name\"><span>10. September &#8211; 22. Oktober &#8222;Lange Aussichten&#8220;<\/span><i class=\"icon-minti-plus\"><\/i><\/div><\/a><\/div>\n\t\t\t\t\t\t\t\t<h4><a href=\"https:\/\/gudhjemmuseum.dk\/de\/portfolio-item\/ausstellung-lange-aussichten\/\" title=\"10. September &#8211; 22. Oktober &#8222;Lange Aussichten&#8220;\">10. September &#8211; 22. Oktober &#8222;Lange Aussichten&#8220;<\/a><\/h4>\n\t\t\t\t\t\t\t\t<span class=\"portfolio-subtitle\"><\/span>\n\t\t\t\t\t\t\t<\/div>\n\n\t\t\t\t\t\t\t\t\t\t  \n\t\t\t\t\t\n\t\t\t\t\t\t\n\t\t\t\t\t\t\n\t\t\t\t\t\n\t\t\t\t\t\t\t\t\t\t\t\t\t\t\n\t\t\t\t\t\t\t   \n\n\t\t\t\t\t\t\t<div class=\"term-tidligere-udstillinger-de portfolio-item eight columns\">\n\t\t\t\t\t\t\t\t<div class=\"portfolio-image\"><a href=\"https:\/\/gudhjemmuseum.dk\/de\/portfolio-item\/hundert-neunzig\/\" title=\"4. Juni \u2013 24. Juli 2022: HUNDERT &#038; NEUNZIG\"><div class=\"portfolio-image-img\"><img decoding=\"async\" src=\"https:\/\/gudhjemmuseum.dk\/wp-content\/uploads\/2022\/05\/GudhjemMuseum-Stoltze-Vinterlandskab-web-600x400.jpg\" alt=\"4. Juni \u2013 24. Juli 2022: HUNDERT &#038; NEUNZIG\" \/><\/div><div class=\"portfolio-overlay overlay-name\"><span>4. Juni \u2013 24. Juli 2022: HUNDERT &#038; NEUNZIG<\/span><i class=\"icon-minti-plus\"><\/i><\/div><\/a><\/div>\n\t\t\t\t\t\t\t\t<h4><a href=\"https:\/\/gudhjemmuseum.dk\/de\/portfolio-item\/hundert-neunzig\/\" title=\"4. Juni \u2013 24. Juli 2022: HUNDERT &#038; NEUNZIG\">4. Juni \u2013 24. Juli 2022: HUNDERT &#038; NEUNZIG<\/a><\/h4>\n\t\t\t\t\t\t\t\t<span class=\"portfolio-subtitle\"><\/span>\n\t\t\t\t\t\t\t<\/div>\n\n\t\t\t\t\t\t\t\t\t\t  \n\t\t\t\t\t\n\t\t\t\t\t\t\n\t\t\t\t\t\t\n\t\t\t\t\t\n\t\t\t\t\t\t\t\t\t\t\t\t\t\t\n\t\t\t\t\t\t\t   \n\n\t\t\t\t\t\t\t<div class=\"term-tidligere-udstillinger-de portfolio-item eight columns\">\n\t\t\t\t\t\t\t\t<div class=\"portfolio-image\"><a href=\"https:\/\/gudhjemmuseum.dk\/de\/portfolio-item\/13-15-mai-2022-textilausstellung\/\" title=\"12. &#8211; 15. Mai 2022: Textilausstellung\"><div class=\"portfolio-image-img\"><img decoding=\"async\" src=\"https:\/\/gudhjemmuseum.dk\/wp-content\/uploads\/2022\/04\/Textil-4-600x400.jpg\" alt=\"12. &#8211; 15. Mai 2022: Textilausstellung\" \/><\/div><div class=\"portfolio-overlay overlay-name\"><span>12. &#8211; 15. Mai 2022: Textilausstellung<\/span><i class=\"icon-minti-plus\"><\/i><\/div><\/a><\/div>\n\t\t\t\t\t\t\t\t<h4><a href=\"https:\/\/gudhjemmuseum.dk\/de\/portfolio-item\/13-15-mai-2022-textilausstellung\/\" title=\"12. &#8211; 15. Mai 2022: Textilausstellung\">12. &#8211; 15. Mai 2022: Textilausstellung<\/a><\/h4>\n\t\t\t\t\t\t\t\t<span class=\"portfolio-subtitle\"><\/span>\n\t\t\t\t\t\t\t<\/div>\n\n\t\t\t\t\t\t\t\t\t\t  \n\t\t\t\t\t\n\t\t\t\t\t\t\n\t\t\t\t\t\t\n\t\t\t\t\t\n\t\t\t\t\t\t\t\t\t\t\t\t\t\t\n\t\t\t\t\t\t\t   \n\n\t\t\t\t\t\t\t<div class=\"term-tidligere-udstillinger-de portfolio-item eight columns\">\n\t\t\t\t\t\t\t\t<div class=\"portfolio-image\"><a href=\"https:\/\/gudhjemmuseum.dk\/de\/portfolio-item\/sechs-stadtwanderungen\/\" title=\"Sechs Stadtwanderungen mit Guide am 10. und 23. Juni, 8. und 15. Juli, sowie 5. und 12. August.\"><div class=\"portfolio-image-img\"><img decoding=\"async\" src=\"https:\/\/gudhjemmuseum.dk\/wp-content\/uploads\/2022\/03\/Tur-Jantzens-Hotel-besk-600x400.jpg\" alt=\"Sechs Stadtwanderungen mit Guide am 10. und 23. Juni, 8. und 15. Juli, sowie 5. und 12. August.\" \/><\/div><div class=\"portfolio-overlay overlay-name\"><span>Sechs Stadtwanderungen mit Guide am 10. und 23. Juni, 8. und 15. Juli, sowie 5. und 12. August.<\/span><i class=\"icon-minti-plus\"><\/i><\/div><\/a><\/div>\n\t\t\t\t\t\t\t\t<h4><a href=\"https:\/\/gudhjemmuseum.dk\/de\/portfolio-item\/sechs-stadtwanderungen\/\" title=\"Sechs Stadtwanderungen mit Guide am 10. und 23. Juni, 8. und 15. Juli, sowie 5. und 12. August.\">Sechs Stadtwanderungen mit Guide am 10. und 23. Juni, 8. und 15. Juli, sowie 5. und 12. August.<\/a><\/h4>\n\t\t\t\t\t\t\t\t<span class=\"portfolio-subtitle\"><\/span>\n\t\t\t\t\t\t\t<\/div>\n\n\t\t\t\t\t\t\t\t\t\t  \n\t\t\t\t\t\n\t\t\t\t\t\t\n\t\t\t\t\t\t\n\t\t\t\t\t\n\t\t\t\t\t\t\t\t\t\t\t\t\t\t\n\t\t\t\t\t\t\t   \n\n\t\t\t\t\t\t\t<div class=\"term-tidligere-udstillinger-de portfolio-item eight columns\">\n\t\t\t\t\t\t\t\t<div class=\"portfolio-image\"><a href=\"https:\/\/gudhjemmuseum.dk\/de\/portfolio-item\/eerie-romantic-2022\/\" title=\"9. April &#8211; 8. Mai: Ausstellung &#8222;EERIE ROMANTIC&#8220;\"><div class=\"portfolio-image-img\"><img decoding=\"async\" src=\"https:\/\/gudhjemmuseum.dk\/wp-content\/uploads\/2022\/02\/gaia-22-2-600x400.jpg\" alt=\"9. April &#8211; 8. Mai: Ausstellung &#8222;EERIE ROMANTIC&#8220;\" \/><\/div><div class=\"portfolio-overlay overlay-name\"><span>9. April &#8211; 8. Mai: Ausstellung &#8222;EERIE ROMANTIC&#8220;<\/span><i class=\"icon-minti-plus\"><\/i><\/div><\/a><\/div>\n\t\t\t\t\t\t\t\t<h4><a href=\"https:\/\/gudhjemmuseum.dk\/de\/portfolio-item\/eerie-romantic-2022\/\" title=\"9. April &#8211; 8. Mai: Ausstellung &#8222;EERIE ROMANTIC&#8220;\">9. April &#8211; 8. Mai: Ausstellung &#8222;EERIE ROMANTIC&#8220;<\/a><\/h4>\n\t\t\t\t\t\t\t\t<span class=\"portfolio-subtitle\"><\/span>\n\t\t\t\t\t\t\t<\/div>\n\n\t\t\t\t\t\t\t\t\t\t  \n\t\t\t\t\t\n\t\t\t\t\t\t\n\t\t\t\t\t\t\n\t\t\t\t\t\n\t\t\t\t\t\t\t\t\t\t\t\t\t\t\n\t\t\t\t\t\t\t   \n\n\t\t\t\t\t\t\t<div class=\"term-tidligere-udstillinger-de portfolio-item eight columns\">\n\t\t\t\t\t\t\t\t<div class=\"portfolio-image\"><a href=\"https:\/\/gudhjemmuseum.dk\/de\/portfolio-item\/schiffsverbindung-bornholm-christiansoe\/\" title=\"Die Schiffsverbindung zwischen Bornholm und Christians\u00f8\"><div class=\"portfolio-image-img\"><img decoding=\"async\" src=\"https:\/\/gudhjemmuseum.dk\/wp-content\/uploads\/2022\/01\/web-Neptun-og-Chimera-omkring-1965-scaled-e1622216855171-1024x512-1-600x400.jpg\" alt=\"Die Schiffsverbindung zwischen Bornholm und Christians\u00f8\" \/><\/div><div class=\"portfolio-overlay overlay-name\"><span>Die Schiffsverbindung zwischen Bornholm und Christians\u00f8<\/span><i class=\"icon-minti-plus\"><\/i><\/div><\/a><\/div>\n\t\t\t\t\t\t\t\t<h4><a href=\"https:\/\/gudhjemmuseum.dk\/de\/portfolio-item\/schiffsverbindung-bornholm-christiansoe\/\" title=\"Die Schiffsverbindung zwischen Bornholm und Christians\u00f8\">Die Schiffsverbindung zwischen Bornholm und Christians\u00f8<\/a><\/h4>\n\t\t\t\t\t\t\t\t<span class=\"portfolio-subtitle\"><\/span>\n\t\t\t\t\t\t\t<\/div>\n\n\t\t\t\t\t\t\t\t\t\t  \n\t\t\t\t\t\n\t\t\t\t\t\t\n\t\t\t\t\t\t\n\t\t\t\t\t\n\t\t\t\t\t\t\t\t\t\t\t\t\t\t\n\t\t\t\t\t\t\t   \n\n\t\t\t\t\t\t\t<div class=\"term-tidligere-udstillinger-de portfolio-item eight columns\">\n\t\t\t\t\t\t\t\t<div class=\"portfolio-image\"><a href=\"https:\/\/gudhjemmuseum.dk\/de\/portfolio-item\/potenziale-des-ortes\/\" title=\"5. M\u00e4rz &#8211; 3. April: &#8222;Potenziale des Ortes &#8211; kleine H\u00e4user und Anlagen in der Natur und am Wasser&#8220;\"><div class=\"portfolio-image-img\"><img decoding=\"async\" src=\"https:\/\/gudhjemmuseum.dk\/wp-content\/uploads\/2022\/01\/web-Platform-MMARK-600x400.jpg\" alt=\"5. M\u00e4rz &#8211; 3. April: &#8222;Potenziale des Ortes &#8211; kleine H\u00e4user und Anlagen in der Natur und am Wasser&#8220;\" \/><\/div><div class=\"portfolio-overlay overlay-name\"><span>5. M\u00e4rz &#8211; 3. April: &#8222;Potenziale des Ortes &#8211; kleine H\u00e4user und Anlagen in der Natur und am Wasser&#8220;<\/span><i class=\"icon-minti-plus\"><\/i><\/div><\/a><\/div>\n\t\t\t\t\t\t\t\t<h4><a href=\"https:\/\/gudhjemmuseum.dk\/de\/portfolio-item\/potenziale-des-ortes\/\" title=\"5. M\u00e4rz &#8211; 3. April: &#8222;Potenziale des Ortes &#8211; kleine H\u00e4user und Anlagen in der Natur und am Wasser&#8220;\">5. M\u00e4rz &#8211; 3. April: &#8222;Potenziale des Ortes &#8211; kleine H\u00e4user und Anlagen in der Natur und am Wasser&#8220;<\/a><\/h4>\n\t\t\t\t\t\t\t\t<span class=\"portfolio-subtitle\"><\/span>\n\t\t\t\t\t\t\t<\/div>\n\n\t\t\t\t\t\t\t\t\t\t  \n\t\t\t\t\t\n\t\t\t\t\t\t\n\t\t\t\t\t\t\n\t\t\t\t\t\n\t\t\t\t\t\t\t\t\t\t\t\t\t\t\n\t\t\t\t\t\t\t   \n\n\t\t\t\t\t\t\t<div class=\"term-tidligere-udstillinger-de portfolio-item eight columns\">\n\t\t\t\t\t\t\t\t<div class=\"portfolio-image\"><a href=\"https:\/\/gudhjemmuseum.dk\/de\/portfolio-item\/8-16-maj-2021-bornholms-kunstrunde-faellesudstilling\/\" title=\"8. &#8211; 16. maj 2021: Bornholms Kunstrunde &#8211; F\u00e6llesudstilling\"><div class=\"portfolio-image-img\"><img decoding=\"async\" src=\"https:\/\/gudhjemmuseum.dk\/wp-content\/uploads\/2021\/03\/frendrup-600x400.jpg\" alt=\"8. &#8211; 16. maj 2021: Bornholms Kunstrunde &#8211; F\u00e6llesudstilling\" \/><\/div><div class=\"portfolio-overlay overlay-name\"><span>8. &#8211; 16. maj 2021: Bornholms Kunstrunde &#8211; F\u00e6llesudstilling<\/span><i class=\"icon-minti-plus\"><\/i><\/div><\/a><\/div>\n\t\t\t\t\t\t\t\t<h4><a href=\"https:\/\/gudhjemmuseum.dk\/de\/portfolio-item\/8-16-maj-2021-bornholms-kunstrunde-faellesudstilling\/\" title=\"8. &#8211; 16. maj 2021: Bornholms Kunstrunde &#8211; F\u00e6llesudstilling\">8. &#8211; 16. maj 2021: Bornholms Kunstrunde &#8211; F\u00e6llesudstilling<\/a><\/h4>\n\t\t\t\t\t\t\t\t<span class=\"portfolio-subtitle\"><\/span>\n\t\t\t\t\t\t\t<\/div>\n\n\t\t\t\t\t\t\t\t\t\t  \n\t\t\t\t\t\n\t\t\t\t\t\t\n\t\t\t\t\t\t\n\t\t\t\t\t\n\t\t\t\t\t\t\t\t\t\t\t\t\t\t\n\t\t\t\t\t\t\t   \n\n\t\t\t\t\t\t\t<div class=\"term-tidligere-udstillinger-de portfolio-item eight columns\">\n\t\t\t\t\t\t\t\t<div class=\"portfolio-image\"><a href=\"https:\/\/gudhjemmuseum.dk\/de\/portfolio-item\/pia-schjoell-fra-cuba-til-bornholm-maleri-akvarel-udstilling-22-maj-13-juni-2021\/\" title=\"22. Mai &#8211; 13. Juni 2021 &#8211; Pia Schj\u00f8ll: Von Cuba bis Bornholm, Gem\u00e4lde &#038; Akvarel\"><div class=\"portfolio-image-img\"><img decoding=\"async\" src=\"https:\/\/gudhjemmuseum.dk\/wp-content\/uploads\/2021\/03\/Pia-Schjoell-05-web2-600x400.jpg\" alt=\"22. Mai &#8211; 13. Juni 2021 &#8211; Pia Schj\u00f8ll: Von Cuba bis Bornholm, Gem\u00e4lde &#038; Akvarel\" \/><\/div><div class=\"portfolio-overlay overlay-name\"><span>22. Mai &#8211; 13. Juni 2021 &#8211; Pia Schj\u00f8ll: Von Cuba bis Bornholm, Gem\u00e4lde &#038; Akvarel<\/span><i class=\"icon-minti-plus\"><\/i><\/div><\/a><\/div>\n\t\t\t\t\t\t\t\t<h4><a href=\"https:\/\/gudhjemmuseum.dk\/de\/portfolio-item\/pia-schjoell-fra-cuba-til-bornholm-maleri-akvarel-udstilling-22-maj-13-juni-2021\/\" title=\"22. Mai &#8211; 13. Juni 2021 &#8211; Pia Schj\u00f8ll: Von Cuba bis Bornholm, Gem\u00e4lde &#038; Akvarel\">22. Mai &#8211; 13. Juni 2021 &#8211; Pia Schj\u00f8ll: Von Cuba bis Bornholm, Gem\u00e4lde &#038; Akvarel<\/a><\/h4>\n\t\t\t\t\t\t\t\t<span class=\"portfolio-subtitle\"><\/span>\n\t\t\t\t\t\t\t<\/div>\n\n\t\t\t\t\t\t\t\t\t\t  \n\t\t\t\t\t\n\t\t\t\t\t\t\n\t\t\t\t\t\t\n\t\t\t\t\t\n\t\t\t\t\t\t\t\t\t\t\t\t\t\t\n\t\t\t\t\t\t\t   \n\n\t\t\t\t\t\t\t<div class=\"term-tidligere-udstillinger-de portfolio-item eight columns\">\n\t\t\t\t\t\t\t\t<div class=\"portfolio-image\"><a href=\"https:\/\/gudhjemmuseum.dk\/de\/portfolio-item\/handel-und-handwerk-in-der-broeddegade\/\" title=\"HANDEL UND HANDWERK IN DER BR\u00d8DDEGADE\"><div class=\"portfolio-image-img\"><img decoding=\"async\" src=\"https:\/\/gudhjemmuseum.dk\/wp-content\/uploads\/2019\/08\/Handel-og-H\u00e5ndv\u00e6rk-1024x7651-600x400.jpg\" alt=\"HANDEL UND HANDWERK IN DER BR\u00d8DDEGADE\" \/><\/div><div class=\"portfolio-overlay overlay-name\"><span>HANDEL UND HANDWERK IN DER BR\u00d8DDEGADE<\/span><i class=\"icon-minti-plus\"><\/i><\/div><\/a><\/div>\n\t\t\t\t\t\t\t\t<h4><a href=\"https:\/\/gudhjemmuseum.dk\/de\/portfolio-item\/handel-und-handwerk-in-der-broeddegade\/\" title=\"HANDEL UND HANDWERK IN DER BR\u00d8DDEGADE\">HANDEL UND HANDWERK IN DER BR\u00d8DDEGADE<\/a><\/h4>\n\t\t\t\t\t\t\t\t<span class=\"portfolio-subtitle\"><\/span>\n\t\t\t\t\t\t\t<\/div>\n\n\t\t\t\t\t\t\t\t\t\t  \n\t\t\t\t\t\t\t\t\t<\/div>\n\n\t\t\t<\/div>\n\t\n\t<\/div>\n\t\t\n\t\t\t<div class=\"pagination-default\"><p class=\"hidden\"><\/p><\/div>\n\t\t\n\t[\/vc_column][\/vc_row]<\/p>\n","protected":false},"excerpt":{"rendered":"<p>[vc_row][vc_column width=&#8220;1\/1&#8243;][\/vc_column][\/vc_row][vc_row][vc_column width=&#8220;1\/12&#8243;][\/vc_column][vc_column width=&#8220;8\/12&#8243;][vc_column_text]Im Laufe des Jahres finden im Museum etwa 5-6 verschiedene Sonderausstellungen und eine ganze Reihe von Zusammenk\u00fcnften und Vortr\u00e4gen statt.[\/vc_column_text][\/vc_column][\/vc_row]<\/p>\n","protected":false},"author":9,"featured_media":20710,"parent":0,"menu_order":0,"comment_status":"closed","ping_status":"closed","template":"","meta":{"_monsterinsights_skip_tracking":false,"_monsterinsights_sitenote_active":false,"_monsterinsights_sitenote_note":"","_monsterinsights_sitenote_category":0,"_uf_show_specific_survey":0,"_uf_disable_surveys":false,"footnotes":""},"class_list":["post-21770","page","type-page","status-publish","has-post-thumbnail","hentry"],"aioseo_notices":[],"wps_subtitle":"","_links":{"self":[{"href":"https:\/\/gudhjemmuseum.dk\/de\/wp-json\/wp\/v2\/pages\/21770","targetHints":{"allow":["GET"]}}],"collection":[{"href":"https:\/\/gudhjemmuseum.dk\/de\/wp-json\/wp\/v2\/pages"}],"about":[{"href":"https:\/\/gudhjemmuseum.dk\/de\/wp-json\/wp\/v2\/types\/page"}],"author":[{"embeddable":true,"href":"https:\/\/gudhjemmuseum.dk\/de\/wp-json\/wp\/v2\/users\/9"}],"replies":[{"embeddable":true,"href":"https:\/\/gudhjemmuseum.dk\/de\/wp-json\/wp\/v2\/comments?post=21770"}],"version-history":[{"count":3,"href":"https:\/\/gudhjemmuseum.dk\/de\/wp-json\/wp\/v2\/pages\/21770\/revisions"}],"predecessor-version":[{"id":21775,"href":"https:\/\/gudhjemmuseum.dk\/de\/wp-json\/wp\/v2\/pages\/21770\/revisions\/21775"}],"wp:featuredmedia":[{"embeddable":true,"href":"https:\/\/gudhjemmuseum.dk\/de\/wp-json\/wp\/v2\/media\/20710"}],"wp:attachment":[{"href":"https:\/\/gudhjemmuseum.dk\/de\/wp-json\/wp\/v2\/media?parent=21770"}],"curies":[{"name":"wp","href":"https:\/\/api.w.org\/{rel}","templated":true}]}}